{"version":"1.0","provider_name":"ImplantBasal.fr","provider_url":"https:\/\/implantbasal.fr\/en","author_name":"Implantbasal.fr","author_url":"https:\/\/implantbasal.fr\/en\/author\/supernelyt\/","title":"Proth\u00e8se dentaire sans palais - ImplantBasal.fr","type":"rich","width":600,"height":338,"html":"<blockquote class=\"wp-embedded-content\" data-secret=\"APgl2REryJ\"><a href=\"https:\/\/implantbasal.fr\/en\/prothese-dentaire-sans-palais\/\">Proth\u00e8se dentaire sans palais<\/a><\/blockquote><iframe sandbox=\"allow-scripts\" security=\"restricted\" src=\"https:\/\/implantbasal.fr\/en\/prothese-dentaire-sans-palais\/embed\/#?secret=APgl2REryJ\" width=\"600\" height=\"338\" title=\"&#8220;Proth\u00e8se dentaire sans palais&#8221; &#8212; ImplantBasal.fr\" data-secret=\"APgl2REryJ\" frameborder=\"0\" marginwidth=\"0\" marginheight=\"0\" scrolling=\"no\" class=\"wp-embedded-content\"><\/iframe><script>\n\/*! This file is auto-generated *\/\n!function(d,l){\"use strict\";l.querySelector&&d.addEventListener&&\"undefined\"!=typeof URL&&(d.wp=d.wp||{},d.wp.receiveEmbedMessage||(d.wp.receiveEmbedMessage=function(e){var t=e.data;if((t||t.secret||t.message||t.value)&&!\/[^a-zA-Z0-9]\/.test(t.secret)){for(var s,r,n,a=l.querySelectorAll('iframe[data-secret=\"'+t.secret+'\"]'),o=l.querySelectorAll('blockquote[data-secret=\"'+t.secret+'\"]'),c=new RegExp(\"^https?:$\",\"i\"),i=0;i<o.length;i++)o[i].style.display=\"none\";for(i=0;i<a.length;i++)s=a[i],e.source===s.contentWindow&&(s.removeAttribute(\"style\"),\"height\"===t.message?(1e3<(r=parseInt(t.value,10))?r=1e3:~~r<200&&(r=200),s.height=r):\"link\"===t.message&&(r=new URL(s.getAttribute(\"src\")),n=new URL(t.value),c.test(n.protocol))&&n.host===r.host&&l.activeElement===s&&(d.top.location.href=t.value))}},d.addEventListener(\"message\",d.wp.receiveEmbedMessage,!1),l.addEventListener(\"DOMContentLoaded\",function(){for(var e,t,s=l.querySelectorAll(\"iframe.wp-embedded-content\"),r=0;r<s.length;r++)(t=(e=s[r]).getAttribute(\"data-secret\"))||(t=Math.random().toString(36).substring(2,12),e.src+=\"#?secret=\"+t,e.setAttribute(\"data-secret\",t)),e.contentWindow.postMessage({message:\"ready\",secret:t},\"*\")},!1)))}(window,document);\n\/\/# sourceURL=https:\/\/implantbasal.fr\/wp-includes\/js\/wp-embed.min.js\n<\/script>","description":"Proth\u00e8se dentaire sans palais Pendant plusieurs ann\u00e9es, Bruno a v\u00e9cu avec une proth\u00e8se sur implants int\u00e9grant une fausse gencive. Pr\u00e9sent\u00e9e comme une solution durable, elle s\u2019est pourtant r\u00e9v\u00e9l\u00e9e tr\u00e8s difficile \u00e0 supporter au quotidien. La proth\u00e8se \u00e9tait trop lourde, mal ajust\u00e9e, et provoquait des douleurs constantes. En mangeant, la nourriture venait syst\u00e9matiquement se bloquer entre la proth\u00e8se et la gencive, rendant l\u2019hygi\u00e8ne compliqu\u00e9e et source d\u2019inconfort permanent. Petit \u00e0 petit, Bruno a perdu le plaisir de manger et de sourire, tout en vivant avec la crainte que la situation s\u2019aggrave. C\u2019est en sachant que nous \u00e9tions sp\u00e9cialis\u00e9s dans la reprise de cas complexes et surtout de proth\u00e8se sans fausse gencive qu\u2019il a d\u00e9cid\u00e9 de venir nous consulter \u00e0 Sofia, convaincu que son probl\u00e8me pouvait enfin \u00eatre r\u00e9solu. Lieu du traitement:\u00a0Clinique dentaire \u00e0 Sofia Technique: Technologie CAD CAM (Proth\u00e8se dentaire fixe sans palais) Emplacement des soins r\u00e9alis\u00e9s:\u00a0Changement proth\u00e8se M\u00e2choire inf\u00e9rieure Dur\u00e9e du traitement:\u00a07 jours Proth\u00e8se: Fixe et d\u00e9finitive ( sans faux palais) Mat\u00e9riaux: M\u00e9tal-C\u00e9ramique Avant le changement de proth\u00e8se Pendant des ann\u00e9es, j\u2019ai v\u00e9cu avec une proth\u00e8se avec fausse gencive. C\u2019\u00e9tait cens\u00e9 \u00eatre une solution, mais au quotidien, c\u2019\u00e9tait un cauchemar : la nourriture se coin\u00e7ait en permanence, le nettoyage \u00e9tait une corv\u00e9e, et je finissais par \u00e9viter de manger certains plats. Ma proth\u00e8se \u00e0 commencer \u00e0 bouger sur un cot\u00e9. Des douleurs et une infection est apparue. L\u00e0, j\u2019ai compris que je ne pouvais plus continuer comme \u00e7a et que je devais trouver une clinique qui pouvait reprendre mon cas car la premi\u00e8re clinique ne me r\u00e9pondait plus. Merci \u00e0 Xavier et au docteur d&rsquo;avoir accept\u00e9 de reprendre mon cas. Ils m\u2019ont propos\u00e9 de changer la proth\u00e8se sans fausse gencive, plus esth\u00e9tique et plus hygi\u00e9nique.\u00a0 Apr\u00e8s la fixation de la proth\u00e8se dentaire sans palais Des la pose de ma nouvelle proth\u00e8se sans fausse gencive, j\u2019ai tout de suite senti la diff\u00e9rence. C\u2019\u00e9tait comme retrouver mes vraies dents. En plus d\u2019\u00eatre bien plus esth\u00e9tique, cette nouvelle proth\u00e8se est environ trois fois plus l\u00e9g\u00e8re que celle que j\u2019avais avant. Et \u00e7a change tout. Je ne ressens plus cette lourdeur en bouche, je parle mieux, je mange mieux\u2026 c\u2019est comme si elle faisait vraiment partie de moi. Tout s\u2019est fait tr\u00e8s vite : nous sommes arriv\u00e9s un lundi matin, les examens ont \u00e9t\u00e9 faits dans la journ\u00e9e, et le Samedi suivant, j\u2019avais mes dents fixes en bouche. Le tout sans douleur, avec une \u00e9quipe tr\u00e8s pro, tr\u00e8s humaine. Merci \u00e0 Xavier et au Docteur Kiril. Demandez votre devis gratuit maintenant T\u00e9moignages sur mon exp\u00e9rience Apr\u00e8s avoir cherch\u00e9 une clinique qui pouvait reprendre mon cas, je suis tomb\u00e9 sur Xavier et sa clinique dentaire. Ici, on m\u2019a propos\u00e9 une solution concr\u00e8te, sans fausse promesse. Le r\u00e9sultat est parfait : une proth\u00e8se sans fausse gencive, l\u00e9g\u00e8re, confortable, esth\u00e9tique\u2026 et surtout, un vrai soulagement apr\u00e8s tant d\u2019ann\u00e9es d\u2019inconfort. Merci \u00e0 toute l\u2019\u00e9quipe pour votre gentillesse, votre honn\u00eatet\u00e9, et votre professionnalisme. Je recommande les yeux ferm\u00e9s !","thumbnail_url":"https:\/\/implantbasal.fr\/wp-content\/uploads\/2025\/04\/Prothese-dentaire-sans-palais-1.jpg","thumbnail_width":500,"thumbnail_height":500}